{"id":5943,"date":"2022-04-21T17:29:20","date_gmt":"2022-04-21T17:29:20","guid":{"rendered":"https:\/\/skyplanner.ai\/jellemzok\/"},"modified":"2024-07-08T09:48:08","modified_gmt":"2024-07-08T09:48:08","slug":"jellemzok","status":"publish","type":"page","link":"https:\/\/skyplanner.ai\/hu\/jellemzok\/","title":{"rendered":"Jellemz\u0151k"},"content":{"rendered":"<div class=\"gb-container gb-container-a55c462f\">\n<div class=\"gb-container gb-container-95da5a50\">\n\n<div style=\"height:100px\" aria-hidden=\"true\" class=\"wp-block-spacer\"><\/div>\n\n\n<div class=\"gb-container gb-container-b2cfed0e\">\n\n<h1 class=\"wp-block-heading has-text-align-center font56 has-base-3-color has-text-color\" id=\"h-features\" style=\"font-size:56px\">Jellemz\u0151k<\/h1>\n\n\n\n<h4 class=\"wp-block-heading has-text-align-center font32 has-base-3-color has-text-color\" id=\"h-schedule-your-production-plan-efficiently-and-reliably-in-just-seconds\" style=\"font-size:32px\">\u00dctemezze termel\u00e9si terv\u00e9t hat\u00e9konyan \u00e9s megb\u00edzhat\u00f3an, mind\u00f6ssze m\u00e1sodpercek alatt.<\/h4>\n\n\n<div class=\"gb-container gb-container-247b1298\">\n\n<p class=\"has-text-align-center has-base-3-color has-text-color\">A SkyPlanner be\u00e9p\u00edtett mesters\u00e9ges intelligenci\u00e1ja \u00fctemezi a termel\u00e9st, \u00e9s megk\u00f6nny\u00edti a termel\u00e9s tervez\u00e9s\u00e9t.<br\/>Haszn\u00e1lja a SkyPlannert \u00f6n\u00e1ll\u00f3an, import\u00e1ljon adatokat, vagy integr\u00e1lja az ERP-rendszer\u00e9vel.<\/p>\n\n<\/div>\n\n<div class=\"gb-container gb-container-1610ca88\">\n\n<a class=\"gb-button gb-button-f7383d23 gb-button-text\" href=\"https:\/\/skyplanner.ai\/hu\/trial\/\">Kezdje el ingyen<\/a>\n\n\n<div class=\"gb-grid-wrapper gb-grid-wrapper-38dfffd8\">\n<div class=\"gb-grid-column gb-grid-column-2c7b02e3\"><div class=\"gb-container gb-container-2c7b02e3\">\n\n<p class=\"white-link has-base-3-color has-text-color\" style=\"text-decoration:underline\"><a href=\"https:\/\/skyplanner.ai\/hu\/kapcsolat-ertekesites\/\">Foglaljon ingyenes bemutat\u00f3t<\/a><\/p>\n\n<\/div><\/div>\n\n<div class=\"gb-grid-column gb-grid-column-bbce1658\"><div class=\"gb-container gb-container-bbce1658\">\n\n<p class=\"has-text-align-left white-link mobile-center has-base-3-color has-text-color\" style=\"text-decoration:underline\"><a href=\"https:\/\/skyplanner.ai\/hu\/kezdje-el-a-skyplanner-aps-hasznalatat\/\">Bros\u00fara let\u00f6lt\u00e9se<\/a><\/p>\n\n<\/div><\/div>\n<\/div>\n<\/div>\n<\/div>\n\n<div class=\"gb-container gb-container-0c7b529e\">\n<div class=\"wp-block-image\">\n<figure class=\"aligncenter size-large\"><img decoding=\"async\" width=\"825\" height=\"535\" src=\"https:\/\/skyplanner.ai\/wp-content\/uploads\/2023\/10\/Device-Macbook-Pro.svg\" alt=\"\" class=\"wp-image-26391\"\/><\/figure>\n<\/div>\n<\/div>\n<\/div>\n\n<div class=\"gb-container gb-container-e4a5b68d\">\n<div class=\"gb-container gb-container-c4aae561\">\n\n<div style=\"height:300px\" aria-hidden=\"true\" class=\"wp-block-spacer\"><\/div>\n\n\n<div class=\"gb-grid-wrapper gb-grid-wrapper-88ba9f7d\">\n<div class=\"gb-grid-column gb-grid-column-7ab1e934\"><div class=\"gb-container gb-container-7ab1e934 backglow\">\n<div class=\"gb-container gb-container-e1926f89 alignwide\">\n\n<figure class=\"wp-block-image size-full is-resized\"><img decoding=\"async\" width=\"601\" height=\"601\" src=\"https:\/\/skyplanner.ai\/wp-content\/uploads\/2023\/10\/dbdcd79aaa31979cdff68e6f8de96cc6.png\" alt=\"\" class=\"wp-image-23372\" style=\"width:120px;height:120px\" srcset=\"https:\/\/skyplanner.ai\/wp-content\/uploads\/2023\/10\/dbdcd79aaa31979cdff68e6f8de96cc6.png 601w, https:\/\/skyplanner.ai\/wp-content\/uploads\/2023\/10\/dbdcd79aaa31979cdff68e6f8de96cc6-300x300.png 300w, https:\/\/skyplanner.ai\/wp-content\/uploads\/2023\/10\/dbdcd79aaa31979cdff68e6f8de96cc6-150x150.png 150w\" sizes=\"(max-width: 601px) 100vw, 601px\" \/><\/figure>\n\n<\/div>\n\n<div class=\"gb-container gb-container-a24ec307\">\n\n<h4 class=\"wp-block-heading has-text-align-center\" id=\"h-artificial-intelligence\">Mesters\u00e9ges intelligencia<\/h4>\n\n\n\n<p class=\"has-text-align-left force-neue\">Optimaliz\u00e1lja a teljes gy\u00e1rt\u00e1si folyamatot n\u00e9h\u00e1ny m\u00e1sodperc alatt az Arcturus AI nagy teljes\u00edtm\u00e9ny\u0171 algoritmus\u00e1val, mik\u00f6zben egy intuit\u00edv kezel\u0151fel\u00fcleten kereszt\u00fcl teljes m\u00e9rt\u00e9kben k\u00e9zben tarthatja az ir\u00e1ny\u00edt\u00e1st.<\/p>\n\n<\/div>\n<\/div><\/div>\n\n<div class=\"gb-grid-column gb-grid-column-2ab2ef27\"><div class=\"gb-container gb-container-2ab2ef27 backglow\">\n<div class=\"gb-container gb-container-5c55e366 alignwide\">\n\n<figure class=\"wp-block-image size-full is-resized\"><img decoding=\"async\" width=\"601\" height=\"601\" src=\"https:\/\/skyplanner.ai\/wp-content\/uploads\/2023\/10\/066033750fd2df47cb4382aa49bfbaa1.png\" alt=\"\" class=\"wp-image-23393\" style=\"width:120px;height:120px\" srcset=\"https:\/\/skyplanner.ai\/wp-content\/uploads\/2023\/10\/066033750fd2df47cb4382aa49bfbaa1.png 601w, https:\/\/skyplanner.ai\/wp-content\/uploads\/2023\/10\/066033750fd2df47cb4382aa49bfbaa1-300x300.png 300w, https:\/\/skyplanner.ai\/wp-content\/uploads\/2023\/10\/066033750fd2df47cb4382aa49bfbaa1-150x150.png 150w\" sizes=\"(max-width: 601px) 100vw, 601px\" \/><\/figure>\n\n<\/div>\n\n<div class=\"gb-container gb-container-a73db448\">\n\n<h4 class=\"wp-block-heading has-text-align-center\" id=\"h-reaction\">Reakci\u00f3<\/h4>\n\n\n\n<p class=\"has-text-align-left force-neue\">A mesters\u00e9ges intelligencia optimaliz\u00e1lja a termel\u00e9s\u00e9t a v\u00e1ltoz\u00f3 helyzetekben, folyamatosan egy naprak\u00e9sz tervet tartva fenn.<\/p>\n\n<\/div>\n<\/div><\/div>\n\n<div class=\"gb-grid-column gb-grid-column-d678ebf5\"><div class=\"gb-container gb-container-d678ebf5 backglow\">\n<div class=\"gb-container gb-container-21903477 alignwide\">\n\n<figure class=\"wp-block-image size-full is-resized\"><img decoding=\"async\" width=\"601\" height=\"601\" src=\"https:\/\/skyplanner.ai\/wp-content\/uploads\/2023\/10\/00f303d2830592398911fd81fe5af609.png\" alt=\"\" class=\"wp-image-23414\" style=\"width:120px;height:120px\" srcset=\"https:\/\/skyplanner.ai\/wp-content\/uploads\/2023\/10\/00f303d2830592398911fd81fe5af609.png 601w, https:\/\/skyplanner.ai\/wp-content\/uploads\/2023\/10\/00f303d2830592398911fd81fe5af609-300x300.png 300w, https:\/\/skyplanner.ai\/wp-content\/uploads\/2023\/10\/00f303d2830592398911fd81fe5af609-150x150.png 150w\" sizes=\"(max-width: 601px) 100vw, 601px\" \/><\/figure>\n\n<\/div>\n\n<div class=\"gb-container gb-container-21c6e915\">\n\n<h4 class=\"wp-block-heading has-text-align-center\" id=\"h-transparency\">\u00c1tl\u00e1that\u00f3s\u00e1g<\/h4>\n\n\n\n<p class=\"has-text-align-left force-neue\">A SkyPlanner intuit\u00edv GANTT id\u0151vonal\u00e1n \u00e9s jelent\u00e9sein kereszt\u00fcl val\u00f3s idej\u0171 betekint\u00e9st nyerhet a teljes termel\u00e9si l\u00e1ncba. Teljes \u00e1ttekint\u00e9st kaphat a termel\u00e9s\u00e9r\u0151l, \u00e9s egy pillant\u00e1ssal megalapozott d\u00f6nt\u00e9seket hozhat.<\/p>\n\n<\/div>\n<\/div><\/div>\n\n<div class=\"gb-grid-column gb-grid-column-81e0b724\"><div class=\"gb-container gb-container-81e0b724 backglow\">\n<div class=\"gb-container gb-container-9d50a9bd alignwide\">\n\n<figure class=\"wp-block-image size-full is-resized\"><img decoding=\"async\" src=\"https:\/\/skyplanner.ai\/wp-content\/uploads\/2023\/10\/1aee4980ccfa03586bef1137e83d4949.png\" alt=\"\" class=\"wp-image-23414\" style=\"width:120px;height:120px\"\/><\/figure>\n\n<\/div>\n\n<div class=\"gb-container gb-container-805942a0\">\n\n<h4 class=\"wp-block-heading has-text-align-center\" id=\"h-data\">Adatok<\/h4>\n\n\n\n<p class=\"has-text-align-left force-neue\">Haszn\u00e1lja a SkyPlanner-t \u00f6nmag\u00e1ban, adjon hozz\u00e1 adatokat m\u00e1s szoftverekb\u0151l, vagy integr\u00e1lja azt az ERP-rendszer\u00e9be. A SkyPlanner modern funkci\u00f3kat tartalmaz az adatkezel\u00e9shez \u00e9s az API-interf\u00e9szekhez.<\/p>\n\n<\/div>\n<\/div><\/div>\n<\/div>\n\n<div class=\"gb-container gb-container-2140c94f\">\n<div class=\"gb-grid-wrapper gb-grid-wrapper-4a36f21c\">\n<div class=\"gb-grid-column gb-grid-column-700a5458\"><div class=\"gb-container gb-container-700a5458 backglow\">\n<div class=\"gb-container gb-container-6bdb7e49 alignwide\">\n<div class=\"wp-block-image\">\n<figure class=\"aligncenter size-full is-resized\"><img decoding=\"async\" width=\"601\" height=\"601\" src=\"https:\/\/skyplanner.ai\/wp-content\/uploads\/2023\/10\/96b3bfd66d46a90bffeb9c7b975068d1.png\" alt=\"\" class=\"wp-image-23456\" style=\"width:120px;height:120px\" srcset=\"https:\/\/skyplanner.ai\/wp-content\/uploads\/2023\/10\/96b3bfd66d46a90bffeb9c7b975068d1.png 601w, https:\/\/skyplanner.ai\/wp-content\/uploads\/2023\/10\/96b3bfd66d46a90bffeb9c7b975068d1-300x300.png 300w, https:\/\/skyplanner.ai\/wp-content\/uploads\/2023\/10\/96b3bfd66d46a90bffeb9c7b975068d1-150x150.png 150w\" sizes=\"(max-width: 601px) 100vw, 601px\" \/><\/figure>\n<\/div>\n<\/div>\n\n<div class=\"gb-container gb-container-472f81f0\">\n\n<h4 class=\"wp-block-heading has-text-align-center\" id=\"h-mobile-confirmations\">Mobil visszaigazol\u00e1sok<\/h4>\n\n\n\n<p class=\"has-text-align-left force-neue\">Lehet\u0151v\u00e9 teszi az alkalmazottak sz\u00e1m\u00e1ra, hogy a SkyPlanner mobil n\u00e9zet\u00e9n kereszt\u00fcl k\u00e9nyelmesen, val\u00f3s id\u0151ben nyugt\u00e1zz\u00e1k a munkal\u00e9p\u00e9sek elkezd\u00e9s\u00e9t \u00e9s befejez\u00e9s\u00e9t.<\/p>\n\n<\/div>\n<\/div><\/div>\n\n<div class=\"gb-grid-column gb-grid-column-7778dfb9\"><div class=\"gb-container gb-container-7778dfb9 backglow\">\n<div class=\"gb-container gb-container-99a88ca2 alignwide\">\n<div class=\"wp-block-image\">\n<figure class=\"aligncenter size-full is-resized\"><img decoding=\"async\" width=\"601\" height=\"601\" src=\"https:\/\/skyplanner.ai\/wp-content\/uploads\/2023\/10\/b998848e2781c6ca08d9bf4f3fbe6ee5.png\" alt=\"\" class=\"wp-image-23477\" style=\"width:120px;height:120px\" srcset=\"https:\/\/skyplanner.ai\/wp-content\/uploads\/2023\/10\/b998848e2781c6ca08d9bf4f3fbe6ee5.png 601w, https:\/\/skyplanner.ai\/wp-content\/uploads\/2023\/10\/b998848e2781c6ca08d9bf4f3fbe6ee5-300x300.png 300w, https:\/\/skyplanner.ai\/wp-content\/uploads\/2023\/10\/b998848e2781c6ca08d9bf4f3fbe6ee5-150x150.png 150w\" sizes=\"(max-width: 601px) 100vw, 601px\" \/><\/figure>\n<\/div>\n<\/div>\n\n<div class=\"gb-container gb-container-6acda93a\">\n\n<h4 class=\"wp-block-heading has-text-align-center\" id=\"h-adaptability\">Alkalmazkod\u00f3k\u00e9pess\u00e9g<\/h4>\n\n\n\n<p class=\"has-text-align-left force-neue\">A SkyPlanner funkci\u00f3it a sokoldal\u00fa be\u00e1ll\u00edt\u00e1sok seg\u00edts\u00e9g\u00e9vel pontosan az \u00d6n v\u00e1llalat\u00e1nak ig\u00e9nyeihez igaz\u00edthatja.<\/p>\n\n<\/div>\n<\/div><\/div>\n\n<div class=\"gb-grid-column gb-grid-column-d255d2eb\"><div class=\"gb-container gb-container-d255d2eb backglow\">\n<div class=\"gb-container gb-container-b1a12c4c alignwide\">\n<div class=\"wp-block-image\">\n<figure class=\"aligncenter size-full is-resized\"><img decoding=\"async\" width=\"601\" height=\"601\" src=\"https:\/\/skyplanner.ai\/wp-content\/uploads\/2023\/10\/bb038ed123c9507e00f3b53e5059cec0.png\" alt=\"\" class=\"wp-image-23498\" style=\"width:120px;height:120px\" srcset=\"https:\/\/skyplanner.ai\/wp-content\/uploads\/2023\/10\/bb038ed123c9507e00f3b53e5059cec0.png 601w, https:\/\/skyplanner.ai\/wp-content\/uploads\/2023\/10\/bb038ed123c9507e00f3b53e5059cec0-300x300.png 300w, https:\/\/skyplanner.ai\/wp-content\/uploads\/2023\/10\/bb038ed123c9507e00f3b53e5059cec0-150x150.png 150w\" sizes=\"(max-width: 601px) 100vw, 601px\" \/><\/figure>\n<\/div>\n<\/div>\n\n<div class=\"gb-container gb-container-93cfe027\">\n\n<h4 class=\"wp-block-heading has-text-align-center\" id=\"h-control\">Vez\u00e9rl\u00e9s<\/h4>\n\n\n\n<p class=\"has-text-align-left force-neue\">A SkyPlanner felhaszn\u00e1l\u00f3bar\u00e1t vez\u00e9rl\u0151panelj\u00e9vel a gy\u00e1rt\u00e1si folyamat minden szakasz\u00e1ban fenntarthatja az abszol\u00fat ir\u00e1ny\u00edt\u00e1st.<\/p>\n\n<\/div>\n<\/div><\/div>\n<\/div>\n<\/div>\n<\/div>\n<\/div>\n\n<div class=\"gb-container gb-container-0ee67634\">\n<div class=\"gb-container gb-container-548ede57\">\n<div class=\"gb-grid-wrapper gb-grid-wrapper-2842c3b2\">\n<div class=\"gb-grid-column gb-grid-column-c2a4ad3e\"><div class=\"gb-container gb-container-c2a4ad3e\">\n<div class=\"gb-container gb-container-ceaedc69\">\n\n<div style=\"height:100px\" aria-hidden=\"true\" class=\"wp-block-spacer uag-hide-mob\"><\/div>\n\n\n\n<h3 class=\"wp-block-heading\" id=\"h-production-scheduling-with-artificial-intelligence\">Termel\u00e9si \u00fctemez\u00e9s mesters\u00e9ges intelligenci\u00e1val<\/h3>\n\n\n\n<p>A SkyPlanner magj\u00e1ban fejlesztett Arcturus AI l\u00e9p\u00e9sekkel halad tov\u00e1bb a hagyom\u00e1nyos termel\u00e9si tervez\u00e9si m\u00f3dszerekn\u00e9l. A mesters\u00e9ges intelligencia meg\u00e9rti a gy\u00e1rt\u00e1si folyamat \u00f6sszetetts\u00e9g\u00e9t, \u00e9s sz\u00e1mtalan v\u00e1ltoz\u00f3t vesz figyelembe &#8211; az anyaghelyzett\u0151l \u00e9s a k\u00e9szlett\u0151l kezdve a munkaer\u0151ig \u00e9s a g\u00e9pek rendelkez\u00e9sre \u00e1ll\u00e1s\u00e1ig.<\/p>\n\n\n\n<p>Az AI optimaliz\u00e1l \u00e9s alkalmazkodik a v\u00e1ltoz\u00f3 k\u00f6r\u00fclm\u00e9nyekhez, folyamatosan friss\u00edtett termel\u00e9si terveket biztos\u00edtva \u00d6nnek. Ez\u00e1ltal rugalmas \u00e9s hat\u00e9kony marad a gy\u00e1rt\u00e1s, mik\u00f6zben \u00d6n val\u00f3s id\u0151ben nyomon k\u00f6vetheti \u00e9s ellen\u0151rizheti a gy\u00e1rt\u00e1si folyamatot. Az Arcturus AI haszn\u00e1lata nagyon egyszer\u0171 \u00e9s felhaszn\u00e1l\u00f3bar\u00e1t.<\/p>\n\n<\/div>\n<\/div><\/div>\n\n<div class=\"gb-grid-column gb-grid-column-04b24c78\"><div class=\"gb-container gb-container-04b24c78\">\n<div class=\"gb-container gb-container-83050036\">\n<div class=\"wp-block-image\">\n<figure class=\"alignright size-full\"><img decoding=\"async\" width=\"601\" height=\"601\" src=\"https:\/\/skyplanner.ai\/wp-content\/uploads\/2023\/10\/353e88b75df0927da13720cdc27e3e7b.png\" alt=\"\" class=\"wp-image-23519\" srcset=\"https:\/\/skyplanner.ai\/wp-content\/uploads\/2023\/10\/353e88b75df0927da13720cdc27e3e7b.png 601w, https:\/\/skyplanner.ai\/wp-content\/uploads\/2023\/10\/353e88b75df0927da13720cdc27e3e7b-300x300.png 300w, https:\/\/skyplanner.ai\/wp-content\/uploads\/2023\/10\/353e88b75df0927da13720cdc27e3e7b-150x150.png 150w\" sizes=\"(max-width: 601px) 100vw, 601px\" \/><\/figure>\n<\/div>\n<\/div>\n<\/div><\/div>\n<\/div>\n<\/div>\n<\/div>\n\n<div class=\"gb-container gb-container-db1e4172\">\n<div class=\"gb-container gb-container-415a97c8\">\n<div class=\"gb-grid-wrapper gb-grid-wrapper-88f823c0\">\n<div class=\"gb-grid-column gb-grid-column-76831d54\"><div class=\"gb-container gb-container-76831d54\">\n<div class=\"gb-container gb-container-86ffbb03\">\n\n<figure class=\"wp-block-image size-full\"><img decoding=\"async\" width=\"470\" height=\"469\" src=\"https:\/\/skyplanner.ai\/wp-content\/uploads\/2023\/10\/Frame-46.png\" alt=\"\" class=\"wp-image-23630\" srcset=\"https:\/\/skyplanner.ai\/wp-content\/uploads\/2023\/10\/Frame-46.png 470w, https:\/\/skyplanner.ai\/wp-content\/uploads\/2023\/10\/Frame-46-300x300.png 300w, https:\/\/skyplanner.ai\/wp-content\/uploads\/2023\/10\/Frame-46-150x150.png 150w\" sizes=\"(max-width: 470px) 100vw, 470px\" \/><\/figure>\n\n<\/div>\n<\/div><\/div>\n\n<div class=\"gb-grid-column gb-grid-column-4de73684\"><div class=\"gb-container gb-container-4de73684\">\n<div class=\"gb-container gb-container-e9ab75fb\">\n\n<div style=\"height:100px\" aria-hidden=\"true\" class=\"wp-block-spacer uag-hide-mob\"><\/div>\n\n\n\n<h3 class=\"wp-block-heading\" id=\"h-real-time-gantt-timeline\">Val\u00f3s idej\u0171 GANTT id\u0151vonal<\/h3>\n\n\n\n<p>A mesters\u00e9ges intelligencia m\u0171k\u00f6d\u00e9s\u00e9t egy vizu\u00e1lis \u00e9s felhaszn\u00e1l\u00f3bar\u00e1t GANTT id\u0151vonalr\u00f3l k\u00f6vetheti \u00e9s ir\u00e1ny\u00edthatja. K\u00f6nnyed\u00e9n lek\u00e9rdezheti termel\u00e9s\u00e9nek r\u00e9szleteit \u00e9s az AI seg\u00edts\u00e9g\u00e9vel el\u0151re megoldhatja a termel\u00e9si probl\u00e9m\u00e1kat \u00e9s a sz\u0171k keresztmetszeteket.<\/p>\n\n\n\n<p>A SkyPlanner GANTT id\u0151vonala olyan, mint egy gy\u00e1ri ir\u00e1ny\u00edt\u00f3k\u00f6zpont, amely seg\u00edt \u00d6nnek naprak\u00e9sznek maradni a termel\u00e9ssel kapcsolatban.<\/p>\n\n<\/div>\n<\/div><\/div>\n<\/div>\n<\/div>\n<\/div>\n\n<div class=\"gb-container gb-container-9f13d89d\">\n<div class=\"gb-container gb-container-315e71ed\">\n<div class=\"gb-grid-wrapper gb-grid-wrapper-c6c57484\">\n<div class=\"gb-grid-column gb-grid-column-9bb761b0\"><div class=\"gb-container gb-container-9bb761b0\">\n<div class=\"gb-container gb-container-ff9bf210\">\n\n<div style=\"height:100px\" aria-hidden=\"true\" class=\"wp-block-spacer uag-hide-mob\"><\/div>\n\n\n\n<h3 class=\"wp-block-heading\" id=\"h-dynamic-priorities\">Dinamikus priorit\u00e1sok<\/h3>\n\n\n\n<p>A dinamikus priorit\u00e1sok a SkyPlanner magj\u00e1ban helyezkednek el, fokozva az AI \u00e1ltal t\u00e1mogatott termel\u00e9si tervez\u00e9st. \u00d6n \u00edgy saj\u00e1t k\u00edv\u00e1ns\u00e1gai szerint ir\u00e1ny\u00edtja a mesters\u00e9ges intelligenci\u00e1t. Ez a funkci\u00f3 lehet\u0151v\u00e9 teszi, hogy priorit\u00e1sokat \u00e1ll\u00edtson be a k\u00fcl\u00f6nb\u00f6z\u0151 \u00fcgyfelek, feladatok \u00e9s megrendel\u00e9sek sz\u00e1m\u00e1ra, \u00e9s a mesters\u00e9ges intelligencia intelligensen figyelembe veszi ezeket a munkarendben. Kedvezhet a kulcsfontoss\u00e1g\u00fa \u00fcgyfeleknek, priorit\u00e1sk\u00e9nt tervezheti a s\u00fcrg\u0151s vagy id\u0151ig\u00e9nyes feladatokat, \u00e9s hat\u00e9konyan oldhatja meg a priorit\u00e1sok k\u00f6z\u00f6tti konfliktusokat.<\/p>\n\n\n\n<p>A SkyPlanner dinamikus priorit\u00e1sa rugalmass\u00e1got biztos\u00edt a t\u00f6bbszint\u0171 priorit\u00e1skezel\u00e9shez. Ez azt is jelenti, hogy a k\u00fcl\u00f6nb\u00f6z\u0151 priorit\u00e1sokat egym\u00e1ssal szemben is kiemelheti, \u00edgy biztos\u00edtva, hogy a legfontosabbak kapj\u00e1k a legnagyobb priorit\u00e1st a t\u00f6bbiekkel szemben.<\/p>\n\n<\/div>\n<\/div><\/div>\n\n<div class=\"gb-grid-column gb-grid-column-643507b6\"><div class=\"gb-container gb-container-643507b6\">\n<div class=\"gb-container gb-container-49390314\">\n\n<div style=\"height:152px\" aria-hidden=\"true\" class=\"wp-block-spacer uag-hide-mob\"><\/div>\n\n\n<div\n\t\tclass=\"free align wp-block-lpb-lottie-player\"\tid='lpbLottiePlayer-1'\n\tdata-attributes='{&quot;cId&quot;:&quot;91b323e4-4&quot;,&quot;isPremium&quot;:false,&quot;file&quot;:&quot;https:\\\/\\\/skyplanner.ai\\\/wp-content\\\/uploads\\\/2023\\\/10\\\/Priorities.lottie&quot;,&quot;isControls&quot;:false,&quot;align&quot;:&quot;&quot;,&quot;playerAlign&quot;:&quot;center&quot;,&quot;isAutoplay&quot;:true,&quot;isLoop&quot;:true,&quot;isHover&quot;:false,&quot;mode&quot;:&quot;normal&quot;,&quot;direction&quot;:1,&quot;count&quot;:0,&quot;speed&quot;:1,&quot;intermission&quot;:0,&quot;link&quot;:&quot;&quot;,&quot;isLinkInNewTab&quot;:false,&quot;interactivity&quot;:&quot;noInteractivity&quot;,&quot;interactivityMode&quot;:&quot;&quot;,&quot;interactivityContainer&quot;:&quot;.wp-block-lpb-lottie-player&quot;,&quot;interactivityActions&quot;:[],&quot;width&quot;:&quot;&quot;,&quot;background&quot;:&quot;#0000&quot;,&quot;controlsHeight&quot;:&quot;35px&quot;,&quot;controlsBG&quot;:&quot;#0000&quot;,&quot;controlsIconColor&quot;:&quot;#146EF5&quot;,&quot;controlsIconHoverColor&quot;:&quot;#FF7A00&quot;,&quot;controlsIconActiveColor&quot;:&quot;#FF7A00&quot;,&quot;controlsTrackColor&quot;:&quot;#FF7A00&quot;,&quot;controlsThumbColor&quot;:&quot;#146EF5&quot;,&quot;isCap&quot;:false,&quot;caption&quot;:&quot;&quot;,&quot;capAlign&quot;:&quot;center&quot;,&quot;capColors&quot;:{&quot;color&quot;:&quot;#333&quot;},&quot;capTypo&quot;:{&quot;fontSize&quot;:{&quot;desktop&quot;:{&quot;desktop&quot;:&quot;14px&quot;}}},&quot;capPadding&quot;:{&quot;vertical&quot;:&quot;5px&quot;,&quot;horizontal&quot;:&quot;10px&quot;},&quot;capMargin&quot;:{&quot;side&quot;:4,&quot;top&quot;:&quot;5px&quot;}}'\n><\/div>\n<\/div>\n<\/div><\/div>\n<\/div>\n<\/div>\n<\/div>\n\n<div class=\"gb-container gb-container-54477e72\">\n<div class=\"gb-grid-wrapper gb-grid-wrapper-431c8409\">\n<div class=\"gb-grid-column gb-grid-column-948aba96\"><div class=\"gb-container gb-container-948aba96 backglow\">\n<div class=\"gb-container gb-container-f1d24863\">\n<div class=\"wp-block-image\">\n<figure class=\"aligncenter size-full is-resized\"><img decoding=\"async\" width=\"601\" height=\"601\" src=\"https:\/\/skyplanner.ai\/wp-content\/uploads\/2023\/10\/66ddc2dbf78cb418650d2d6dd6fa2ca4.png\" alt=\"\" class=\"wp-image-23562\" style=\"object-fit:cover;width:300px;height:300px\" srcset=\"https:\/\/skyplanner.ai\/wp-content\/uploads\/2023\/10\/66ddc2dbf78cb418650d2d6dd6fa2ca4.png 601w, https:\/\/skyplanner.ai\/wp-content\/uploads\/2023\/10\/66ddc2dbf78cb418650d2d6dd6fa2ca4-300x300.png 300w, https:\/\/skyplanner.ai\/wp-content\/uploads\/2023\/10\/66ddc2dbf78cb418650d2d6dd6fa2ca4-150x150.png 150w\" sizes=\"(max-width: 601px) 100vw, 601px\" \/><\/figure>\n<\/div>\n<\/div>\n\n<div class=\"gb-container gb-container-51e44f9f\">\n\n<h4 class=\"wp-block-heading has-text-align-center\" id=\"h-material-driven-production-scheduling\">Anyagvez\u00e9relt gy\u00e1rt\u00e1s\u00fctemez\u00e9s<\/h4>\n\n\n\n<p class=\"has-text-align-left force-neue\">Az anyagvez\u00e9relt gy\u00e1rt\u00e1s\u00fctemez\u00e9s biztos\u00edtja, hogy a gy\u00e1rt\u00e1si \u00fctemterv teljesen szinkronban legyen a rakt\u00e1ri anyaghelyzettel. A mesters\u00e9ges intelligencia figyelembe veszi a beszerz\u00e9si megrendel\u00e9seket, az anyagok v\u00e1rhat\u00f3 \u00e9rkez\u00e9si idej\u00e9t, a m\u00e1s megrendel\u00e9sek \u00e1ltal lefoglalt \u00e9s felhaszn\u00e1lt er\u0151forr\u00e1sokat, valamint az anyagok rakt\u00e1rba \u00e9rkez\u00e9s\u00e9t.<\/p>\n\n\n\n<p class=\"has-text-align-left force-neue\">Ez lehet\u0151v\u00e9 teszi a mesters\u00e9ges intelligencia sz\u00e1m\u00e1ra, hogy kisz\u00e1m\u00edtsa a kumulat\u00edv anyagm\u00e9rlegeket, \u00e9s optim\u00e1lisan \u00fctemezze a munk\u00e1t, hogy a sz\u00fcks\u00e9ges elemek a megfelel\u0151 id\u0151ben \u00e1lljanak rendelkez\u00e9sre. Ez cs\u00f6kkenti a k\u00e9sedelmeket \u00e9s jav\u00edtja a termel\u00e9s hat\u00e9konys\u00e1g\u00e1t.<\/p>\n\n<\/div>\n<\/div><\/div>\n\n<div class=\"gb-grid-column gb-grid-column-2b70559f\"><div class=\"gb-container gb-container-2b70559f backglow\">\n<div class=\"gb-container gb-container-a1a0c708\">\n<div class=\"wp-block-image\">\n<figure class=\"aligncenter size-full is-resized\"><img decoding=\"async\" width=\"601\" height=\"601\" src=\"https:\/\/skyplanner.ai\/wp-content\/uploads\/2023\/10\/a111767d68a2313252eab35a795c0e7a.png\" alt=\"\" class=\"wp-image-23583\" style=\"object-fit:cover;width:300px;height:300px\" srcset=\"https:\/\/skyplanner.ai\/wp-content\/uploads\/2023\/10\/a111767d68a2313252eab35a795c0e7a.png 601w, https:\/\/skyplanner.ai\/wp-content\/uploads\/2023\/10\/a111767d68a2313252eab35a795c0e7a-300x300.png 300w, https:\/\/skyplanner.ai\/wp-content\/uploads\/2023\/10\/a111767d68a2313252eab35a795c0e7a-150x150.png 150w\" sizes=\"(max-width: 601px) 100vw, 601px\" \/><\/figure>\n<\/div>\n<\/div>\n\n<div class=\"gb-container gb-container-8cb9ab15\">\n\n<h4 class=\"wp-block-heading has-text-align-center\" id=\"h-alternative-workstations\">Alternat\u00edv munka\u00e1llom\u00e1sok<\/h4>\n\n\n\n<p class=\"has-text-align-left force-neue\">A mesters\u00e9ges intelligencia figyelembe veszi a munk\u00e1k \u00fctemez\u00e9s\u00e9n\u00e9l, hogy azok alternat\u00edv m\u00f3don t\u00f6bb k\u00fcl\u00f6nb\u00f6z\u0151 munka\u00e1llom\u00e1son is elv\u00e9gezhet\u0151k. A munkal\u00e9p\u00e9sekhez term\u00e9kenk\u00e9nt megadhatja, hogy milyen er\u0151forr\u00e1s v\u00e9gezheti el azt. A mesters\u00e9ges intelligencia kiv\u00e1lasztja a legmegfelel\u0151bb munka\u00e1llom\u00e1st az \u00d6n lehet\u0151s\u00e9gei k\u00f6z\u00fcl, a gy\u00e1rt\u00e1si helyzetet figyelembe v\u00e9ve.<\/p>\n\n\n\n<p class=\"has-text-align-left force-neue\">A munka\u00e1llom\u00e1sokhoz hat\u00e9konys\u00e1gi egy\u00fctthat\u00f3kat is megadhat, amelyeket a mesters\u00e9ges intelligencia figyelembe vesz a munka\u00e1llom\u00e1s kiv\u00e1laszt\u00e1sakor. Ez a funkci\u00f3 lehet\u0151v\u00e9 teszi, hogy az \u00f6sszes er\u0151forr\u00e1s a lehet\u0151 leghat\u00e9konyabban legyen kihaszn\u00e1lva a termel\u00e9sben.<\/p>\n\n<\/div>\n<\/div><\/div>\n\n<div class=\"gb-grid-column gb-grid-column-ca1ef4e9\"><div class=\"gb-container gb-container-ca1ef4e9 backglow\">\n<div class=\"gb-container gb-container-16ce4402\">\n<div class=\"wp-block-image\">\n<figure class=\"aligncenter size-full is-resized\"><img decoding=\"async\" width=\"601\" height=\"601\" src=\"https:\/\/skyplanner.ai\/wp-content\/uploads\/2023\/10\/b37f23431a2519077de2da59307b8568.png\" alt=\"\" class=\"wp-image-23604\" style=\"object-fit:cover;width:300px;height:300px\" srcset=\"https:\/\/skyplanner.ai\/wp-content\/uploads\/2023\/10\/b37f23431a2519077de2da59307b8568.png 601w, https:\/\/skyplanner.ai\/wp-content\/uploads\/2023\/10\/b37f23431a2519077de2da59307b8568-300x300.png 300w, https:\/\/skyplanner.ai\/wp-content\/uploads\/2023\/10\/b37f23431a2519077de2da59307b8568-150x150.png 150w\" sizes=\"(max-width: 601px) 100vw, 601px\" \/><\/figure>\n<\/div>\n<\/div>\n\n<div class=\"gb-container gb-container-069308cd\">\n\n<h4 class=\"wp-block-heading has-text-align-center\" id=\"h-running-time-lock\">Fut\u00e1si id\u0151 z\u00e1r<\/h4>\n\n\n\n<p>A Fut\u00e1si id\u0151 z\u00e1r biztos\u00edtja termel\u00e9si terv\u00e9nek k\u00f6zelg\u0151 munk\u00e1j\u00e1t, hogy megakad\u00e1lyozza az utols\u00f3 pillanatban t\u00f6rt\u00e9n\u0151 v\u00e1ltoztat\u00e1sokat. Be\u00e1ll\u00edthatja p\u00e9ld\u00e1ul a Fut\u00e1sid\u0151-z\u00e1rat a k\u00f6vetkez\u0151 n\u00e9gy \u00f3r\u00e1ra, amely alatt az adott id\u0151kereten bel\u00fcli \u00fctemezett feladatok fixen megmaradnak, \u00e9s nem m\u00f3dos\u00edthat\u00f3k, mozgathat\u00f3k vagy cser\u00e9lhet\u0151k.<\/p>\n\n\n\n<p>Ez seg\u00edt a gy\u00e1rt\u00f3 szem\u00e9lyzetnek a munk\u00e1jukra \u00f6sszpontos\u00edtani, \u00e9s elker\u00fclni a gyors ir\u00e1nyv\u00e1lt\u00e1sokat a termel\u00e9sben. A fut\u00e1sid\u0151-z\u00e1r egy olyan funkci\u00f3, amely az \u00d6n ellen\u0151rz\u00e9se alatt \u00e1ll.<\/p>\n\n<\/div>\n<\/div><\/div>\n<\/div>\n<\/div>\n\n<div class=\"gb-container gb-container-c1fd2326\">\n<div class=\"gb-container gb-container-373069a5\">\n<div class=\"gb-grid-wrapper gb-grid-wrapper-ae22fb5f\">\n<div class=\"gb-grid-column gb-grid-column-45002862\"><div class=\"gb-container gb-container-45002862\">\n<div class=\"gb-container gb-container-4fefabbe\">\n\n<div style=\"height:48px\" aria-hidden=\"true\" class=\"wp-block-spacer\"><\/div>\n\n\n\n<h3 class=\"wp-block-heading has-base-3-color has-text-color\" id=\"h-order-scheduling-directions\">Megrendel\u00e9s \u00fctemez\u00e9si utas\u00edt\u00e1sok<\/h3>\n\n\n\n<p class=\"has-base-3-color has-text-color\">A megrendel\u00e9sek \u00fctemez\u00e9si ir\u00e1nyai lehet\u0151v\u00e9 teszik, hogy kiv\u00e1laszthassa, hogyan \u00fctemezze a munk\u00e1kat: a jelen pillanatt\u00f3l el\u0151re vagy a sz\u00e1ll\u00edt\u00e1si d\u00e1tumt\u00f3l visszafel\u00e9.<\/p>\n\n\n\n<p class=\"has-base-3-color has-text-color\">Ha a jelen pillanatt\u00f3l kezdve v\u00e1lasztunk, a munk\u00e1kat \u00fagy \u00fctemezz\u00fck, hogy azok a lehet\u0151 leghamarabb elkezd\u0151djenek, \u00e9s a befejez\u00e9sig folytat\u00f3djanak. Ez akkor lehet hasznos, ha a gy\u00e1rt\u00e1st azonnal el akarja ind\u00edtani, amint a kapacit\u00e1s \u00e9s az anyag rendelkez\u00e9sre \u00e1ll. Manu\u00e1lisan is megadhatja a legkor\u00e1bbi megengedett id\u0151pontot egy megrendel\u00e9shez. A sz\u00e1ll\u00edt\u00e1si d\u00e1tumt\u00f3l visszafel\u00e9 t\u00f6rt\u00e9n\u0151 v\u00e1laszt\u00e1s azt jelenti, hogy a munk\u00e1k k\u00f6zvetlen\u00fcl a sz\u00e1ll\u00edt\u00e1si d\u00e1tum el\u0151ttre lesznek \u00fctemezve. Ez\u00e1ltal minim\u00e1lisra cs\u00f6kken a k\u00e9szterm\u00e9kek rakt\u00e1r\u00e1ban a sz\u00e1ll\u00edt\u00e1sra v\u00e1rakoz\u00e1s ideje.<\/p>\n\n\n\n<p class=\"has-base-3-color has-text-color\">A mesters\u00e9ges intelligencia figyelembe veszi ezeket az ir\u00e1nyokat az \u00fctemez\u00e9s sor\u00e1n, \u00edgy biztos\u00edtva, hogy a munk\u00e1kat az \u00d6n ig\u00e9nyeinek legmegfelel\u0151bb m\u00f3don tervezze meg.<\/p>\n\n<\/div>\n<\/div><\/div>\n\n<div class=\"gb-grid-column gb-grid-column-d65b454d\"><div class=\"gb-container gb-container-d65b454d\">\n<div class=\"gb-container gb-container-e441b4ed\">\n\n<figure class=\"wp-block-image size-full\"><img decoding=\"async\" width=\"601\" height=\"601\" src=\"https:\/\/skyplanner.ai\/wp-content\/uploads\/2023\/10\/7c6c6c98159bdc7a2886769c707a523b.png\" alt=\"\" class=\"wp-image-26574\" srcset=\"https:\/\/skyplanner.ai\/wp-content\/uploads\/2023\/10\/7c6c6c98159bdc7a2886769c707a523b.png 601w, https:\/\/skyplanner.ai\/wp-content\/uploads\/2023\/10\/7c6c6c98159bdc7a2886769c707a523b-300x300.png 300w, https:\/\/skyplanner.ai\/wp-content\/uploads\/2023\/10\/7c6c6c98159bdc7a2886769c707a523b-150x150.png 150w\" sizes=\"(max-width: 601px) 100vw, 601px\" \/><\/figure>\n\n<\/div>\n<\/div><\/div>\n<\/div>\n<\/div>\n<\/div>\n\n<div class=\"gb-container gb-container-9bb913fe\">\n<div class=\"gb-container gb-container-666212cc\">\n<div class=\"gb-grid-wrapper gb-grid-wrapper-6e4df397\">\n<div class=\"gb-grid-column gb-grid-column-c5973169\"><div class=\"gb-container gb-container-c5973169\">\n<div class=\"gb-container gb-container-8e82ff0c\">\n\n<div style=\"height:100px\" aria-hidden=\"true\" class=\"wp-block-spacer uag-hide-mob\"><\/div>\n\n\n\n<h3 class=\"wp-block-heading\" id=\"h-optimization-of-setting-and-teardown-times\">A be\u00e1ll\u00edt\u00e1si \u00e9s bont\u00e1si id\u0151k optimaliz\u00e1l\u00e1sa<\/h3>\n\n\n\n<p>A be\u00e1ll\u00edt\u00e1si \u00e9s leszerel\u00e9si id\u0151k optimaliz\u00e1l\u00e1s\u00e1val a k\u00fcl\u00f6nb\u00f6z\u0151 munkaf\u00e1zisok be\u00e1ll\u00edt\u00e1si \u00e9s leszerel\u00e9si idej\u00e9t a gy\u00e1rt\u00e1si folyamatoknak megfelel\u0151en hat\u00e1rozhatja meg \u00e9s kezelheti.<\/p>\n\n\n\n<p>A be\u00e1ll\u00edt\u00e1si id\u0151 az az id\u0151tartam, amely a g\u00e9pnek a munka megkezd\u00e9se el\u0151tti felk\u00e9sz\u00fcl\u00e9s\u00e9hez sz\u00fcks\u00e9ges, p\u00e9ld\u00e1ul a munka el\u0151k\u00e9sz\u00edt\u00e9se vagy a szersz\u00e1mcsere a gy\u00e1rt\u00f3g\u00e9pen. A bont\u00e1si id\u0151 az az id\u0151tartam, amelynek el kell telnie egy munka ut\u00e1n, miel\u0151tt a k\u00f6vetkez\u0151 munkaf\u00e1zis, p\u00e9ld\u00e1ul a fest\u00e9k sz\u00e1rad\u00e1sa vagy a bels\u0151 logisztika megkezd\u0151dhet.<\/p>\n\n\n\n<p>A mesters\u00e9ges intelligencia a gy\u00e1rt\u00e1s \u00fctemez\u00e9s\u00e9n\u00e9l figyelembe veszi mind a be\u00e1ll\u00edt\u00e1si, mind a leszerel\u00e9si id\u0151t. Ez azt jelenti, hogy minden egyes munk\u00e1hoz \u00e9s g\u00e9phez pontos \u00fctemterv adhat\u00f3 meg, minimaliz\u00e1lva a termel\u00e9s megszak\u00edt\u00e1s\u00e1t \u00e9s maximaliz\u00e1lva a g\u00e9pek kihaszn\u00e1lts\u00e1g\u00e1t.<\/p>\n\n<\/div>\n<\/div><\/div>\n\n<div class=\"gb-grid-column gb-grid-column-3b45e644\"><div class=\"gb-container gb-container-3b45e644\">\n<div class=\"gb-container gb-container-63057ff4\">\n\n<figure class=\"wp-block-image size-full\"><img decoding=\"async\" width=\"601\" height=\"601\" src=\"https:\/\/skyplanner.ai\/wp-content\/uploads\/2023\/09\/e6f8f372cc70f8f17bf3e5e0fa98de68.png\" alt=\"\" class=\"wp-image-19266\" srcset=\"https:\/\/skyplanner.ai\/wp-content\/uploads\/2023\/09\/e6f8f372cc70f8f17bf3e5e0fa98de68.png 601w, https:\/\/skyplanner.ai\/wp-content\/uploads\/2023\/09\/e6f8f372cc70f8f17bf3e5e0fa98de68-300x300.png 300w, https:\/\/skyplanner.ai\/wp-content\/uploads\/2023\/09\/e6f8f372cc70f8f17bf3e5e0fa98de68-150x150.png 150w\" sizes=\"(max-width: 601px) 100vw, 601px\" \/><\/figure>\n\n<\/div>\n<\/div><\/div>\n<\/div>\n<\/div>\n<\/div>\n\n<div class=\"gb-container gb-container-15dbeb32\">\n<div class=\"gb-container gb-container-f9672a9c\">\n<div class=\"gb-grid-wrapper gb-grid-wrapper-f012fb66\">\n<div class=\"gb-grid-column gb-grid-column-1b16dcd5\"><div class=\"gb-container gb-container-1b16dcd5\">\n<div class=\"gb-container gb-container-150a60f2\">\n\n<div style=\"height:100px\" aria-hidden=\"true\" class=\"wp-block-spacer\"><\/div>\n\n\n<div\n\t\tclass=\"free align wp-block-lpb-lottie-player\"\tid='lpbLottiePlayer-2'\n\tdata-attributes='{&quot;cId&quot;:&quot;b3137d16-0&quot;,&quot;isPremium&quot;:false,&quot;file&quot;:&quot;https:\\\/\\\/skyplanner.ai\\\/wp-content\\\/uploads\\\/2023\\\/10\\\/Bulldozer.json&quot;,&quot;isControls&quot;:false,&quot;align&quot;:&quot;&quot;,&quot;playerAlign&quot;:&quot;center&quot;,&quot;isAutoplay&quot;:true,&quot;isLoop&quot;:true,&quot;isHover&quot;:false,&quot;mode&quot;:&quot;normal&quot;,&quot;direction&quot;:1,&quot;count&quot;:0,&quot;speed&quot;:1,&quot;intermission&quot;:0,&quot;link&quot;:&quot;&quot;,&quot;isLinkInNewTab&quot;:false,&quot;interactivity&quot;:&quot;noInteractivity&quot;,&quot;interactivityMode&quot;:&quot;&quot;,&quot;interactivityContainer&quot;:&quot;.wp-block-lpb-lottie-player&quot;,&quot;interactivityActions&quot;:[],&quot;width&quot;:&quot;&quot;,&quot;background&quot;:&quot;#0000&quot;,&quot;controlsHeight&quot;:&quot;35px&quot;,&quot;controlsBG&quot;:&quot;#0000&quot;,&quot;controlsIconColor&quot;:&quot;#146EF5&quot;,&quot;controlsIconHoverColor&quot;:&quot;#FF7A00&quot;,&quot;controlsIconActiveColor&quot;:&quot;#FF7A00&quot;,&quot;controlsTrackColor&quot;:&quot;#FF7A00&quot;,&quot;controlsThumbColor&quot;:&quot;#146EF5&quot;,&quot;isCap&quot;:false,&quot;caption&quot;:&quot;&quot;,&quot;capAlign&quot;:&quot;center&quot;,&quot;capColors&quot;:{&quot;color&quot;:&quot;#333&quot;},&quot;capTypo&quot;:{&quot;fontSize&quot;:{&quot;desktop&quot;:{&quot;desktop&quot;:&quot;14px&quot;}}},&quot;capPadding&quot;:{&quot;vertical&quot;:&quot;5px&quot;,&quot;horizontal&quot;:&quot;10px&quot;},&quot;capMargin&quot;:{&quot;side&quot;:4,&quot;top&quot;:&quot;5px&quot;}}'\n><\/div>\n<\/div>\n<\/div><\/div>\n\n<div class=\"gb-grid-column gb-grid-column-ab1c04c7\"><div class=\"gb-container gb-container-ab1c04c7\">\n<div class=\"gb-container gb-container-98bdcdd6\">\n\n<div style=\"height:100px\" aria-hidden=\"true\" class=\"wp-block-spacer uag-hide-mob\"><\/div>\n\n\n\n<h3 class=\"wp-block-heading\" id=\"h-bulldozer\">Bulld\u00f3zer<\/h3>\n\n\n\n<p>A buld\u00f3zer \u00fagy m\u0171k\u00f6dik, hogy a m\u00e9g el nem kezdett feladatokat el\u0151re tolja, hogy azok ne ker\u00fcljenek a m\u00faltba, ha egy munka\u00e1llom\u00e1s elmarad a c\u00e9ljait\u00f3l. Ez biztos\u00edtja, hogy soha ne legyenek befejezetlen feladatok a m\u00faltban, hanem csak a j\u00f6v\u0151ben \u00fctemezve, ahogy annak lennie kell. A buld\u00f3zer figyelembe veszi a feladatok k\u00f6z\u00f6tti kapcsolatokat \u00e9s a f\u00e1zisok sorrendj\u00e9t is.<\/p>\n\n\n\n<p>Az eredeti f\u00e1zissorrendet \u00e9s priorit\u00e1sokat akkor is k\u00e9pes meg\u0151rizni, ha a munkafolyamatok k\u00fcl\u00f6nb\u00f6z\u0151 \u00fctemben mozognak a k\u00fcl\u00f6nb\u00f6z\u0151 munka\u00e1llom\u00e1sok id\u0151vonalain. Ez lehet\u0151v\u00e9 teszi a z\u00f6kken\u0151mentes \u00e9s tervezett el\u0151rehalad\u00e1st az \u00f6sszetett \u00e9s t\u00f6bbl\u00e9pcs\u0151s gy\u00e1rt\u00e1si folyamatokban. A buld\u00f3zer kiv\u00e1l\u00f3 eszk\u00f6z, ha v\u00e1ltoz\u00f3 k\u00f6r\u00fclm\u00e9nyek k\u00f6z\u00f6tt is fenn k\u00edv\u00e1nja tartani a gy\u00e1rt\u00f3sor rendj\u00e9t \u00e9s strat\u00e9giai tervez\u00e9s\u00e9t.<\/p>\n\n<\/div>\n<\/div><\/div>\n<\/div>\n<\/div>\n<\/div>\n\n<div class=\"gb-container gb-container-106a42c0\">\n<div class=\"gb-container gb-container-6358e7a0\">\n<div class=\"gb-grid-wrapper gb-grid-wrapper-f43c5f95\">\n<div class=\"gb-grid-column gb-grid-column-3a6b352d\"><div class=\"gb-container gb-container-3a6b352d\">\n<div class=\"gb-container gb-container-bd8c6b75\">\n\n<div style=\"height:100px\" aria-hidden=\"true\" class=\"wp-block-spacer uag-hide-mob\"><\/div>\n\n\n\n<h3 class=\"wp-block-heading\" id=\"h-tool-optimization\">Eszk\u00f6z optimaliz\u00e1l\u00e1s<\/h3>\n\n\n\n<p>Egyes munk\u00e1khoz egy munka\u00e1llom\u00e1sra \u00e9s egy speci\u00e1lis szersz\u00e1mra, p\u00e9ld\u00e1ul egy szersz\u00e1mra lehet sz\u00fcks\u00e9g. Ugyanaz az eszk\u00f6z nem lehet egyszerre k\u00e9t helyen. A SkyPlannerben kezelheti az eszk\u00f6z\u00f6ket, \u00e9s megadhatja a hozz\u00e1juk kapcsol\u00f3d\u00f3 term\u00e9keket \u00e9s munka\u00e1llom\u00e1sokat. A mesters\u00e9ges intelligencia optimaliz\u00e1lja a szersz\u00e1mok haszn\u00e1lat\u00e1t a gy\u00e1rt\u00e1si \u00fctemtervben.<\/p>\n\n\n\n<p>A szersz\u00e1mok meghib\u00e1sod\u00e1s\u00e1t \u00e9s karbantart\u00e1s\u00e1t is kezelheti, amelyeket szint\u00e9n figyelembe vesznek a termel\u00e9si tervben.<\/p>\n\n<\/div>\n<\/div><\/div>\n\n<div class=\"gb-grid-column gb-grid-column-3b4e1c8c\"><div class=\"gb-container gb-container-3b4e1c8c\">\n<div class=\"gb-container gb-container-f65a9a89\">\n\n<figure class=\"wp-block-image size-full\"><img decoding=\"async\" width=\"601\" height=\"601\" src=\"https:\/\/skyplanner.ai\/wp-content\/uploads\/2023\/10\/83682a164bb17ce6a2b366668a091ee3.png\" alt=\"\" class=\"wp-image-26596\" srcset=\"https:\/\/skyplanner.ai\/wp-content\/uploads\/2023\/10\/83682a164bb17ce6a2b366668a091ee3.png 601w, https:\/\/skyplanner.ai\/wp-content\/uploads\/2023\/10\/83682a164bb17ce6a2b366668a091ee3-300x300.png 300w, https:\/\/skyplanner.ai\/wp-content\/uploads\/2023\/10\/83682a164bb17ce6a2b366668a091ee3-150x150.png 150w\" sizes=\"(max-width: 601px) 100vw, 601px\" \/><\/figure>\n\n<\/div>\n<\/div><\/div>\n<\/div>\n<\/div>\n<\/div>\n\n<div class=\"gb-container gb-container-370e8b8c\">\n<div class=\"gb-grid-wrapper gb-grid-wrapper-8c1dc85b\">\n<div class=\"gb-grid-column gb-grid-column-92409e5f\"><div class=\"gb-container gb-container-92409e5f backglow\">\n<div class=\"gb-container gb-container-69a824c5\">\n<div class=\"wp-block-image\">\n<figure class=\"aligncenter size-full is-resized\"><img decoding=\"async\" width=\"601\" height=\"601\" src=\"https:\/\/skyplanner.ai\/wp-content\/uploads\/2023\/10\/df66fa911a4b681fb0481c9598706d34.png\" alt=\"\" class=\"wp-image-26618\" style=\"object-fit:cover;width:300px;height:300px\" srcset=\"https:\/\/skyplanner.ai\/wp-content\/uploads\/2023\/10\/df66fa911a4b681fb0481c9598706d34.png 601w, https:\/\/skyplanner.ai\/wp-content\/uploads\/2023\/10\/df66fa911a4b681fb0481c9598706d34-300x300.png 300w, https:\/\/skyplanner.ai\/wp-content\/uploads\/2023\/10\/df66fa911a4b681fb0481c9598706d34-150x150.png 150w\" sizes=\"(max-width: 601px) 100vw, 601px\" \/><\/figure>\n<\/div>\n<\/div>\n\n<div class=\"gb-container gb-container-a6c83672\">\n\n<h4 class=\"wp-block-heading has-text-align-center\" id=\"h-process-step-completion-degree\">Folyamat l\u00e9p\u00e9s Befejez\u00e9s Fokozat<\/h4>\n\n\n\n<p class=\"has-text-align-left force-neue\">A folyamat l\u00e9p\u00e9s\u00e9nek befejezetts\u00e9gi foka a SkyPlanner alkalmaz\u00e1s intelligens funkci\u00f3ja, amely lehet\u0151v\u00e9 teszi a k\u00f6vetkez\u0151 gy\u00e1rt\u00e1si l\u00e9p\u00e9s megkezd\u00e9s\u00e9t, ha az el\u0151z\u0151 l\u00e9p\u00e9s el\u00e9rte a befejezetts\u00e9g bizonyos fok\u00e1t.<\/p>\n\n\n\n<p class=\"has-text-align-left force-neue\">A csomagol\u00e1si folyamat p\u00e9ld\u00e1ul akkor kezd\u0151dhet, amikor az el\u0151z\u0151 l\u00e9p\u00e9s, p\u00e9ld\u00e1ul az \u00f6sszeszerel\u00e9s, 10%-os befejez\u0151d\u00e9s\u00e9t el\u00e9rte. Ez fellend\u00edti a teljes gy\u00e1rt\u00e1si folyamatot, cs\u00f6kkenti az \u00e1ll\u00e1sid\u0151t, \u00e9s lehet\u0151v\u00e9 teszi az er\u0151forr\u00e1sok optim\u00e1lis felhaszn\u00e1l\u00e1s\u00e1t.<\/p>\n\n<\/div>\n<\/div><\/div>\n\n<div class=\"gb-grid-column gb-grid-column-7cea3a38\"><div class=\"gb-container gb-container-7cea3a38 backglow\">\n<div class=\"gb-container gb-container-c5e713f1\">\n<div class=\"wp-block-image\">\n<figure class=\"aligncenter size-full is-resized\"><img decoding=\"async\" width=\"601\" height=\"601\" src=\"https:\/\/skyplanner.ai\/wp-content\/uploads\/2023\/10\/9a66aba02f91f15fb91c438340cba4b5.png\" alt=\"\" class=\"wp-image-26639\" style=\"object-fit:cover;width:300px;height:300px\" srcset=\"https:\/\/skyplanner.ai\/wp-content\/uploads\/2023\/10\/9a66aba02f91f15fb91c438340cba4b5.png 601w, https:\/\/skyplanner.ai\/wp-content\/uploads\/2023\/10\/9a66aba02f91f15fb91c438340cba4b5-300x300.png 300w, https:\/\/skyplanner.ai\/wp-content\/uploads\/2023\/10\/9a66aba02f91f15fb91c438340cba4b5-150x150.png 150w\" sizes=\"(max-width: 601px) 100vw, 601px\" \/><\/figure>\n<\/div>\n<\/div>\n\n<div class=\"gb-container gb-container-66e06c24\">\n\n<h4 class=\"wp-block-heading has-text-align-center\" id=\"h-subcontractor-scheduling\">Alv\u00e1llalkoz\u00f3i \u00fctemez\u00e9s<\/h4>\n\n\n\n<p class=\"has-text-align-left force-neue\">Az alv\u00e1llalkoz\u00f3i \u00fctemez\u00e9s lehet\u0151v\u00e9 teszi, hogy a SkyPlannerben integr\u00e1lja az alv\u00e1llalkoz\u00f3kat a gy\u00e1rt\u00e1si folyamatba. Az alv\u00e1llalkoz\u00f3k \u00fagy viselkednek, mintha azok saj\u00e1t munka\u00e1llom\u00e1sok lenn\u00e9nek, \u00e9s egyszerre t\u00f6bb feladatot is ki lehet osztani r\u00e1juk.<\/p>\n\n\n\n<p class=\"has-text-align-left force-neue\">Ez azt jelenti, hogy k\u00f6zvetlen\u00fcl a SkyPlannerben tervezheti \u00e9s ellen\u0151rizheti az alv\u00e1llalkoz\u00f3k munkaterhel\u00e9s\u00e9t, \u00edgy hat\u00e9konyabb\u00e1 \u00e9s rugalmasabb\u00e1 v\u00e1lik a vel\u00fck val\u00f3 egy\u00fcttm\u0171k\u00f6d\u00e9s. Ez a funkci\u00f3 jav\u00edtja a teljes termel\u00e9si folyamatot \u00e9s el\u0151seg\u00edti az er\u0151forr\u00e1sok optim\u00e1lis kihaszn\u00e1l\u00e1s\u00e1t.<\/p>\n\n<\/div>\n<\/div><\/div>\n\n<div class=\"gb-grid-column gb-grid-column-45717efb\"><div class=\"gb-container gb-container-45717efb backglow\">\n<div class=\"gb-container gb-container-ef650761\">\n<div class=\"wp-block-image\">\n<figure class=\"aligncenter size-full is-resized\"><img decoding=\"async\" width=\"601\" height=\"601\" src=\"https:\/\/skyplanner.ai\/wp-content\/uploads\/2023\/10\/f47c38b99de62fd62bd509cba3bb9d6d.png\" alt=\"\" class=\"wp-image-26660\" style=\"object-fit:cover;width:300px;height:300px\" srcset=\"https:\/\/skyplanner.ai\/wp-content\/uploads\/2023\/10\/f47c38b99de62fd62bd509cba3bb9d6d.png 601w, https:\/\/skyplanner.ai\/wp-content\/uploads\/2023\/10\/f47c38b99de62fd62bd509cba3bb9d6d-300x300.png 300w, https:\/\/skyplanner.ai\/wp-content\/uploads\/2023\/10\/f47c38b99de62fd62bd509cba3bb9d6d-150x150.png 150w\" sizes=\"(max-width: 601px) 100vw, 601px\" \/><\/figure>\n<\/div>\n<\/div>\n\n<div class=\"gb-container gb-container-f87d5099\">\n\n<h4 class=\"wp-block-heading has-text-align-center\" id=\"h-batch-job-scheduling\">K\u00f6tegelt munk\u00e1k \u00fctemez\u00e9se<\/h4>\n\n\n\n<p>A k\u00f6tegelt munk\u00e1k azok, amelyek t\u00f6bb k\u00fcl\u00f6nb\u00f6z\u0151 megrendel\u00e9s munkaf\u00e1zisainak egyidej\u0171 el\u0151\u00e1ll\u00edt\u00e1s\u00e1t foglalj\u00e1k magukban. Ez gyakran azzal f\u00fcgg \u00f6ssze, hogy egyidej\u0171leg t\u00f6bb megrendel\u00e9shez tartoz\u00f3 alkatr\u00e9szeket gy\u00e1rtanak ugyanabb\u00f3l az anyagb\u00f3l.<\/p>\n\n\n\n<p>P\u00e9ld\u00e1ul egy l\u00e9zerv\u00e1g\u00f3 ugyanabb\u00f3l a lapb\u00f3l t\u00f6bb megrendel\u00e9shez is v\u00e1ghat alkatr\u00e9szeket, ugyanazon lapot haszn\u00e1lva, vagy egy fest\u0151 ugyanabban a sz\u00ednben festhet alkatr\u00e9szeket.<\/p>\n\n\n\n<p>A SkyPlannerben kezelheti az \u00f6sszeszerel\u00e9si munk\u00e1kat, \u00e9s a mesters\u00e9ges intelligencia optim\u00e1lisan \u00fctemezi azokat a gy\u00e1rt\u00e1si tervben.<\/p>\n\n<\/div>\n<\/div><\/div>\n<\/div>\n<\/div>\n\n<div class=\"gb-container gb-container-67545b41\">\n<div class=\"gb-container gb-container-a1d4fe3d\">\n<div class=\"gb-grid-wrapper gb-grid-wrapper-7bed7616\">\n<div class=\"gb-grid-column gb-grid-column-513ffe58\"><div class=\"gb-container gb-container-513ffe58\">\n<div class=\"gb-container gb-container-673b3f34\">\n\n<figure class=\"wp-block-image size-full\"><img decoding=\"async\" width=\"601\" height=\"601\" src=\"https:\/\/skyplanner.ai\/wp-content\/uploads\/2023\/10\/70c9eaba48e0eeebfbb3522bbceec96b.png\" alt=\"\" class=\"wp-image-26682\" srcset=\"https:\/\/skyplanner.ai\/wp-content\/uploads\/2023\/10\/70c9eaba48e0eeebfbb3522bbceec96b.png 601w, https:\/\/skyplanner.ai\/wp-content\/uploads\/2023\/10\/70c9eaba48e0eeebfbb3522bbceec96b-300x300.png 300w, https:\/\/skyplanner.ai\/wp-content\/uploads\/2023\/10\/70c9eaba48e0eeebfbb3522bbceec96b-150x150.png 150w\" sizes=\"(max-width: 601px) 100vw, 601px\" \/><\/figure>\n\n<\/div>\n<\/div><\/div>\n\n<div class=\"gb-grid-column gb-grid-column-6cf15bb2\"><div class=\"gb-container gb-container-6cf15bb2\">\n<div class=\"gb-container gb-container-120aaebd\">\n\n<div style=\"height:48px\" aria-hidden=\"true\" class=\"wp-block-spacer uag-hide-mob\"><\/div>\n\n\n\n<h3 class=\"wp-block-heading has-base-3-color has-text-color\" id=\"h-efficiency-coefficients\">Hat\u00e9konys\u00e1gi egy\u00fctthat\u00f3k<\/h3>\n\n\n\n<p class=\"has-base-3-color has-text-color\">A SkyPlanner hat\u00e9konys\u00e1gi egy\u00fctthat\u00f3i olyan eszk\u00f6zt k\u00edn\u00e1lnak, amellyel a k\u00fcl\u00f6nb\u00f6z\u0151 munka\u00e1llom\u00e1sok vagy dolgoz\u00f3k teljes\u00edtm\u00e9ny\u00e9t a t\u00e9nyleges munkak\u00f6r\u00fclm\u00e9nyekhez igaz\u00edthatja.<\/p>\n\n\n\n<p class=\"has-base-3-color has-text-color\">Hasonl\u00f3k\u00e9ppen figyelembe veheti a m\u0171szakok k\u00f6z\u00f6tti hat\u00e9konys\u00e1gbeli k\u00fcl\u00f6nbs\u00e9geket, p\u00e9ld\u00e1ul a reggeli \u00e9s az esti m\u0171szakok elt\u00e9r\u0151 hat\u00e9konys\u00e1gi egy\u00fctthat\u00f3it. A hat\u00e9konys\u00e1gi egy\u00fctthat\u00f3k figyelembe veszik, hogy nem minden munka\u00e1llom\u00e1s vagy dolgoz\u00f3 v\u00e9gzi a feladatokat ugyanolyan sebess\u00e9ggel. Megadhatja, hogy a k\u00fcl\u00f6nb\u00f6z\u0151 munka\u00e1llom\u00e1sok vagy dolgoz\u00f3k egym\u00e1shoz k\u00e9pest vagy a k\u00fcl\u00f6nb\u00f6z\u0151 m\u0171szakokban milyen gyorsan v\u00e9gezz\u00e9k el a feladatokat.<\/p>\n\n\n\n<p class=\"has-base-3-color has-text-color\">Ha p\u00e9ld\u00e1ul ugyanaz a hegeszt\u00e9si munka a reggeli m\u0171szakban f\u00e9l \u00f3r\u00e1t, az esti m\u0171szakban pedig egy \u00f3r\u00e1t vesz ig\u00e9nybe, a SkyPlanner figyelembe tudja venni ezt a k\u00fcl\u00f6nbs\u00e9get a termel\u00e9s \u00fctemez\u00e9s\u00e9ben. A hat\u00e9konys\u00e1gi egy\u00fctthat\u00f3k seg\u00edts\u00e9g\u00e9vel re\u00e1lisabban tervezheti \u00e9s \u00fctemezheti a munk\u00e1t, ezzel egyidej\u0171leg jav\u00edtva a termel\u00e9s hat\u00e9konys\u00e1g\u00e1t \u00e9s pontoss\u00e1g\u00e1t.<\/p>\n\n<\/div>\n<\/div><\/div>\n<\/div>\n<\/div>\n<\/div>\n\n<div class=\"gb-container gb-container-f98d2f26\">\n<div class=\"gb-grid-wrapper gb-grid-wrapper-deaa8a87\">\n<div class=\"gb-grid-column gb-grid-column-804762eb\"><div class=\"gb-container gb-container-804762eb backglow\">\n\n<div style=\"height:56px\" aria-hidden=\"true\" class=\"wp-block-spacer\"><\/div>\n\n\n<div class=\"gb-container gb-container-ea2e1a75\">\n<div\n\t\tclass=\"free align wp-block-lpb-lottie-player\"\tid='lpbLottiePlayer-3'\n\tdata-attributes='{&quot;cId&quot;:&quot;68cf346e-5&quot;,&quot;isPremium&quot;:false,&quot;file&quot;:&quot;https:\\\/\\\/skyplanner.ai\\\/wp-content\\\/uploads\\\/2023\\\/10\\\/Lock.json&quot;,&quot;isControls&quot;:false,&quot;align&quot;:&quot;&quot;,&quot;playerAlign&quot;:&quot;center&quot;,&quot;isAutoplay&quot;:true,&quot;isLoop&quot;:true,&quot;isHover&quot;:false,&quot;mode&quot;:&quot;normal&quot;,&quot;direction&quot;:1,&quot;count&quot;:0,&quot;speed&quot;:1,&quot;intermission&quot;:0,&quot;link&quot;:&quot;&quot;,&quot;isLinkInNewTab&quot;:false,&quot;interactivity&quot;:&quot;noInteractivity&quot;,&quot;interactivityMode&quot;:&quot;&quot;,&quot;interactivityContainer&quot;:&quot;.wp-block-lpb-lottie-player&quot;,&quot;interactivityActions&quot;:[],&quot;width&quot;:&quot;&quot;,&quot;background&quot;:&quot;#0000&quot;,&quot;controlsHeight&quot;:&quot;35px&quot;,&quot;controlsBG&quot;:&quot;#0000&quot;,&quot;controlsIconColor&quot;:&quot;#146EF5&quot;,&quot;controlsIconHoverColor&quot;:&quot;#FF7A00&quot;,&quot;controlsIconActiveColor&quot;:&quot;#FF7A00&quot;,&quot;controlsTrackColor&quot;:&quot;#FF7A00&quot;,&quot;controlsThumbColor&quot;:&quot;#146EF5&quot;,&quot;isCap&quot;:false,&quot;caption&quot;:&quot;&quot;,&quot;capAlign&quot;:&quot;center&quot;,&quot;capColors&quot;:{&quot;color&quot;:&quot;#333&quot;},&quot;capTypo&quot;:{&quot;fontSize&quot;:{&quot;desktop&quot;:{&quot;desktop&quot;:&quot;14px&quot;}}},&quot;capPadding&quot;:{&quot;vertical&quot;:&quot;5px&quot;,&quot;horizontal&quot;:&quot;10px&quot;},&quot;capMargin&quot;:{&quot;side&quot;:4,&quot;top&quot;:&quot;5px&quot;}}'\n><\/div>\n<\/div>\n\n<div class=\"gb-container gb-container-ee682251\">\n\n<h4 class=\"wp-block-heading has-text-align-center\" id=\"h-locking-tasks-on-the-timeline\">Feladatok z\u00e1rol\u00e1sa az id\u0151vonalon<\/h4>\n\n\n\n<p class=\"has-text-align-left force-neue\">Egy feladatot vagy megb\u00edz\u00e1st egy adott id\u0151ponthoz r\u00f6gz\u00edthet, megtiltva a mesters\u00e9ges intelligenci\u00e1nak, hogy azt az adott feladatot \u00e1thelyezze. A SkyPlanner alapelve, hogy teljes m\u00e9rt\u00e9kben \u00d6n ir\u00e1ny\u00edtja a mesters\u00e9ges intelligencia cselekedeteit.<\/p>\n\n<\/div>\n<\/div><\/div>\n\n<div class=\"gb-grid-column gb-grid-column-6cfda518\"><div class=\"gb-container gb-container-6cfda518 backglow\">\n<div class=\"gb-container gb-container-451c0d71\">\n<div class=\"wp-block-image\">\n<figure class=\"aligncenter size-full is-resized\"><img decoding=\"async\" width=\"601\" height=\"601\" src=\"https:\/\/skyplanner.ai\/wp-content\/uploads\/2023\/10\/b7377dfcc184433731b7baf3461e727b.png\" alt=\"\" class=\"wp-image-26704\" style=\"object-fit:cover;width:300px;height:300px\" srcset=\"https:\/\/skyplanner.ai\/wp-content\/uploads\/2023\/10\/b7377dfcc184433731b7baf3461e727b.png 601w, https:\/\/skyplanner.ai\/wp-content\/uploads\/2023\/10\/b7377dfcc184433731b7baf3461e727b-300x300.png 300w, https:\/\/skyplanner.ai\/wp-content\/uploads\/2023\/10\/b7377dfcc184433731b7baf3461e727b-150x150.png 150w\" sizes=\"(max-width: 601px) 100vw, 601px\" \/><\/figure>\n<\/div>\n<\/div>\n\n<div class=\"gb-container gb-container-b6979cd3\">\n\n<h4 class=\"wp-block-heading has-text-align-center\" id=\"h-real-time-production-monitoring\">Val\u00f3s idej\u0171 termel\u00e9sfel\u00fcgyelet<\/h4>\n\n\n\n<p class=\"has-text-align-left force-neue\">A SkyPlanner id\u0151vonal\u00e1n megtekintheti a termel\u00e9s val\u00f3s idej\u0171 \u00e1llapot\u00e1t. A munka sz\u00edne megv\u00e1ltozik, amikor egy munka\u00e1llom\u00e1son elkezd\u0151dik, \u00e9s a feladat sor\u00e1n bek\u00f6vetkez\u0151 sz\u00fcneteket is \u00e9szreveszi.<\/p>\n\n\n\n<p class=\"has-text-align-left force-neue\">Mindezt a SkyPlanner adatb\u00e1zisa is t\u00e1rolja, ami seg\u00edt megj\u00f3solni a term\u00e9keknek a munkaf\u00e1zisai \u00e1tfut\u00e1si idej\u00e9t az el\u0151zm\u00e9nyek alapj\u00e1n.<\/p>\n\n<\/div>\n<\/div><\/div>\n\n<div class=\"gb-grid-column gb-grid-column-dd5f7de5\"><div class=\"gb-container gb-container-dd5f7de5 backglow\">\n<div class=\"gb-container gb-container-7d3d9a70\">\n<div class=\"wp-block-image\">\n<figure class=\"aligncenter size-full is-resized\"><img decoding=\"async\" width=\"601\" height=\"601\" src=\"https:\/\/skyplanner.ai\/wp-content\/uploads\/2023\/10\/a7d80582555fbeb4c751b04bfb12585e.png\" alt=\"\" class=\"wp-image-26725\" style=\"object-fit:cover;width:300px;height:300px\" srcset=\"https:\/\/skyplanner.ai\/wp-content\/uploads\/2023\/10\/a7d80582555fbeb4c751b04bfb12585e.png 601w, https:\/\/skyplanner.ai\/wp-content\/uploads\/2023\/10\/a7d80582555fbeb4c751b04bfb12585e-300x300.png 300w, https:\/\/skyplanner.ai\/wp-content\/uploads\/2023\/10\/a7d80582555fbeb4c751b04bfb12585e-150x150.png 150w\" sizes=\"(max-width: 601px) 100vw, 601px\" \/><\/figure>\n<\/div>\n<\/div>\n\n<div class=\"gb-container gb-container-fb69ab2b\">\n\n<h4 class=\"wp-block-heading has-text-align-center\" id=\"h-sales-prospect-scheduling\">\u00c9rt\u00e9kes\u00edt\u00e9si kil\u00e1t\u00e1sok \u00fctemez\u00e9se<\/h4>\n\n\n\n<p>A mesters\u00e9ges intelligencia re\u00e1lis sz\u00e1ll\u00edt\u00e1si d\u00e1tumokat szimul\u00e1l a k\u00f6zelg\u0151 megrendel\u00e9sekhez az \u00e9rt\u00e9kes\u00edt\u00e9si csapat sz\u00e1m\u00e1ra. A potenci\u00e1lis \u00fcgyf\u00e9lnek \u00edg\u00e9rt sz\u00e1ll\u00edt\u00e1si id\u0151 m\u00e9rlegel\u00e9sekor haszn\u00e1lhatja a v\u00e1rhat\u00f3 terhel\u00e9st.<\/p>\n\n\n\n<p>A kil\u00e1t\u00e1sokat \u00fagy \u00fctemezz\u00fck, mint a t\u00e9nylegesen elv\u00e9gzend\u0151 feladatokat, \u00e9s kapacit\u00e1st foglalunk le sz\u00e1mukra. Ez nagyban megk\u00f6nny\u00edti az \u00e9rt\u00e9kes\u00edt\u00e9si csapat \u00e9s a gy\u00e1rt\u00e1s k\u00f6z\u00f6tti kommunik\u00e1ci\u00f3t, \u00e9s el\u00e9gedett\u00e9 teszi az \u00fcgyfeleket.<\/p>\n\n<\/div>\n<\/div><\/div>\n<\/div>\n<\/div>\n<\/div>","protected":false},"excerpt":{"rendered":"<p>Jellemz\u0151k \u00dctemezze termel\u00e9si terv\u00e9t hat\u00e9konyan \u00e9s megb\u00edzhat\u00f3an, mind\u00f6ssze m\u00e1sodpercek alatt. A SkyPlanner be\u00e9p\u00edtett mesters\u00e9ges intelligenci\u00e1ja \u00fctemezi a termel\u00e9st, \u00e9s megk\u00f6nny\u00edti a termel\u00e9s tervez\u00e9s\u00e9t.Haszn\u00e1lja a SkyPlannert \u00f6n\u00e1ll\u00f3an, import\u00e1ljon adatokat, vagy integr\u00e1lja az ERP-rendszer\u00e9vel.<\/p>\n","protected":false},"author":1,"featured_media":5944,"parent":0,"menu_order":0,"comment_status":"closed","ping_status":"closed","template":"","meta":{"inline_featured_image":false,"_uag_custom_page_level_css":"","footnotes":""},"class_list":["post-5943","page","type-page","status-publish","has-post-thumbnail"],"acf":[],"yoast_head":"<!-- This site is optimized with the Yoast SEO Premium plugin v26.9 (Yoast SEO v27.0) - https:\/\/yoast.com\/product\/yoast-seo-premium-wordpress\/ -->\n<title>SkyPlanner APS - Jellemz\u0151k<\/title>\n<meta name=\"description\" content=\"A SkyPlanner AI-alap\u00fa APS m\u00e1sodpercek alatt racionaliz\u00e1lja a gy\u00e1rt\u00e1stervez\u00e9st. Tapasztalja meg a k\u00f6nnyebb \u00fctemez\u00e9st \u00e9s n\u00f6velje a hat\u00e9konys\u00e1got m\u00e9g ma.\" \/>\n<meta name=\"robots\" content=\"index, follow, max-snippet:-1, max-image-preview:large, max-video-preview:-1\" \/>\n<link rel=\"canonical\" href=\"https:\/\/skyplanner.ai\/hu\/jellemzok\/\" \/>\n<meta property=\"og:locale\" content=\"hu_HU\" \/>\n<meta property=\"og:type\" content=\"article\" \/>\n<meta property=\"og:title\" content=\"SkyPlanner APS - Jellemz\u0151k\" \/>\n<meta property=\"og:description\" content=\"A SkyPlanner AI-alap\u00fa APS m\u00e1sodpercek alatt racionaliz\u00e1lja a gy\u00e1rt\u00e1stervez\u00e9st. Tapasztalja meg a k\u00f6nnyebb \u00fctemez\u00e9st \u00e9s n\u00f6velje a hat\u00e9konys\u00e1got m\u00e9g ma.\" \/>\n<meta property=\"og:url\" content=\"https:\/\/skyplanner.ai\/hu\/jellemzok\/\" \/>\n<meta property=\"og:site_name\" content=\"SkyPlanner\" \/>\n<meta property=\"article:modified_time\" content=\"2024-07-08T09:48:08+00:00\" \/>\n<meta property=\"og:image\" content=\"https:\/\/skyplanner.ai\/wp-content\/uploads\/2022\/03\/Staright-old-production-planning.png\" \/>\n\t<meta property=\"og:image:width\" content=\"956\" \/>\n\t<meta property=\"og:image:height\" content=\"653\" \/>\n\t<meta property=\"og:image:type\" content=\"image\/png\" \/>\n<meta name=\"twitter:card\" content=\"summary_large_image\" \/>\n<meta name=\"twitter:title\" content=\"SkyPlanner APS - Jellemz\u0151k\" \/>\n<meta name=\"twitter:label1\" content=\"Becs\u00fclt olvas\u00e1si id\u0151\" \/>\n\t<meta name=\"twitter:data1\" content=\"7 minutes\" \/>\n<script type=\"application\/ld+json\" class=\"yoast-schema-graph\">{\"@context\":\"https:\/\/schema.org\",\"@graph\":[{\"@type\":\"WebPage\",\"@id\":\"https:\/\/skyplanner.ai\/hu\/jellemzok\/\",\"url\":\"https:\/\/skyplanner.ai\/hu\/jellemzok\/\",\"name\":\"SkyPlanner APS - Jellemz\u0151k\",\"isPartOf\":{\"@id\":\"https:\/\/skyplanner.ai\/hu\/#website\"},\"primaryImageOfPage\":{\"@id\":\"https:\/\/skyplanner.ai\/hu\/jellemzok\/#primaryimage\"},\"image\":{\"@id\":\"https:\/\/skyplanner.ai\/hu\/jellemzok\/#primaryimage\"},\"thumbnailUrl\":\"https:\/\/skyplanner.ai\/wp-content\/uploads\/2022\/03\/Staright-old-production-planning.png\",\"datePublished\":\"2022-04-21T17:29:20+00:00\",\"dateModified\":\"2024-07-08T09:48:08+00:00\",\"description\":\"A SkyPlanner AI-alap\u00fa APS m\u00e1sodpercek alatt racionaliz\u00e1lja a gy\u00e1rt\u00e1stervez\u00e9st. Tapasztalja meg a k\u00f6nnyebb \u00fctemez\u00e9st \u00e9s n\u00f6velje a hat\u00e9konys\u00e1got m\u00e9g ma.\",\"breadcrumb\":{\"@id\":\"https:\/\/skyplanner.ai\/hu\/jellemzok\/#breadcrumb\"},\"inLanguage\":\"hu-HU\",\"potentialAction\":[{\"@type\":\"ReadAction\",\"target\":[\"https:\/\/skyplanner.ai\/hu\/jellemzok\/\"]}]},{\"@type\":\"ImageObject\",\"inLanguage\":\"hu-HU\",\"@id\":\"https:\/\/skyplanner.ai\/hu\/jellemzok\/#primaryimage\",\"url\":\"https:\/\/skyplanner.ai\/wp-content\/uploads\/2022\/03\/Staright-old-production-planning.png\",\"contentUrl\":\"https:\/\/skyplanner.ai\/wp-content\/uploads\/2022\/03\/Staright-old-production-planning.png\",\"width\":956,\"height\":653},{\"@type\":\"BreadcrumbList\",\"@id\":\"https:\/\/skyplanner.ai\/hu\/jellemzok\/#breadcrumb\",\"itemListElement\":[{\"@type\":\"ListItem\",\"position\":1,\"name\":\"Home\",\"item\":\"https:\/\/skyplanner.ai\/hu\/kezdolap-2\/\"},{\"@type\":\"ListItem\",\"position\":2,\"name\":\"Jellemz\u0151k\"}]},{\"@type\":\"WebSite\",\"@id\":\"https:\/\/skyplanner.ai\/hu\/#website\",\"url\":\"https:\/\/skyplanner.ai\/hu\/\",\"name\":\"SkyPlanner\",\"description\":\"AI-powered production scheduling and planning software\",\"publisher\":{\"@id\":\"https:\/\/skyplanner.ai\/hu\/#organization\"},\"potentialAction\":[{\"@type\":\"SearchAction\",\"target\":{\"@type\":\"EntryPoint\",\"urlTemplate\":\"https:\/\/skyplanner.ai\/hu\/?s={search_term_string}\"},\"query-input\":{\"@type\":\"PropertyValueSpecification\",\"valueRequired\":true,\"valueName\":\"search_term_string\"}}],\"inLanguage\":\"hu-HU\"},{\"@type\":\"Organization\",\"@id\":\"https:\/\/skyplanner.ai\/hu\/#organization\",\"name\":\"SkyPlanner APS\",\"url\":\"https:\/\/skyplanner.ai\/hu\/\",\"logo\":{\"@type\":\"ImageObject\",\"inLanguage\":\"hu-HU\",\"@id\":\"https:\/\/skyplanner.ai\/hu\/#\/schema\/logo\/image\/\",\"url\":\"https:\/\/skyplanner.ai\/wp-content\/uploads\/2022\/05\/Skyplanner-logo-2.svg\",\"contentUrl\":\"https:\/\/skyplanner.ai\/wp-content\/uploads\/2022\/05\/Skyplanner-logo-2.svg\",\"width\":223,\"height\":43,\"caption\":\"SkyPlanner APS\"},\"image\":{\"@id\":\"https:\/\/skyplanner.ai\/hu\/#\/schema\/logo\/image\/\"},\"sameAs\":[\"https:\/\/www.linkedin.com\/company\/skyplanner-aps\/\",\"https:\/\/www.youtube.com\/@SkyPlannerAPS\",\"https:\/\/www.capterra.com\/p\/265911\/SkyPlanner-APS\/\",\"https:\/\/www.trustradius.com\/products\/skyplanner-aps\/reviews\",\"https:\/\/www.saasworthy.com\/product\/skyplanner-aps\",\"https:\/\/sourceforge.net\/software\/product\/SkyPlanner-APS\/\",\"https:\/\/www.g2.com\/products\/skyplanner-aps\/\",\"https:\/\/www.getapp.com\/project-management-planning-software\/a\/skyplanner-aps\/\",\"https:\/\/www.softwareadvice.com\/cmms\/skyplanner-aps-profile\/\"],\"description\":\"AI-powered production scheduling and planning software for manufacturing\",\"foundingDate\":\"1997\",\"legalName\":\"Skycode Oy\",\"alternateName\":\"SkyPlanner\",\"knowsAbout\":[\"Production Scheduling\",\"Advanced Planning and Scheduling\",\"Manufacturing AI\",\"Finite Capacity Scheduling\",\"ERP Integration\"],\"areaServed\":\"Worldwide\",\"contactPoint\":{\"@type\":\"ContactPoint\",\"contactType\":\"sales\",\"url\":\"https:\/\/skyplanner.ai\/trial\/\"}}]}<\/script>\n<!-- \/ Yoast SEO Premium plugin. -->","yoast_head_json":{"title":"SkyPlanner APS - Jellemz\u0151k","description":"A SkyPlanner AI-alap\u00fa APS m\u00e1sodpercek alatt racionaliz\u00e1lja a gy\u00e1rt\u00e1stervez\u00e9st. Tapasztalja meg a k\u00f6nnyebb \u00fctemez\u00e9st \u00e9s n\u00f6velje a hat\u00e9konys\u00e1got m\u00e9g ma.","robots":{"index":"index","follow":"follow","max-snippet":"max-snippet:-1","max-image-preview":"max-image-preview:large","max-video-preview":"max-video-preview:-1"},"canonical":"https:\/\/skyplanner.ai\/hu\/jellemzok\/","og_locale":"hu_HU","og_type":"article","og_title":"SkyPlanner APS - Jellemz\u0151k","og_description":"A SkyPlanner AI-alap\u00fa APS m\u00e1sodpercek alatt racionaliz\u00e1lja a gy\u00e1rt\u00e1stervez\u00e9st. Tapasztalja meg a k\u00f6nnyebb \u00fctemez\u00e9st \u00e9s n\u00f6velje a hat\u00e9konys\u00e1got m\u00e9g ma.","og_url":"https:\/\/skyplanner.ai\/hu\/jellemzok\/","og_site_name":"SkyPlanner","article_modified_time":"2024-07-08T09:48:08+00:00","og_image":[{"width":956,"height":653,"url":"https:\/\/skyplanner.ai\/wp-content\/uploads\/2022\/03\/Staright-old-production-planning.png","type":"image\/png"}],"twitter_card":"summary_large_image","twitter_title":"SkyPlanner APS - Jellemz\u0151k","twitter_misc":{"Becs\u00fclt olvas\u00e1si id\u0151":"7 minutes"},"schema":{"@context":"https:\/\/schema.org","@graph":[{"@type":"WebPage","@id":"https:\/\/skyplanner.ai\/hu\/jellemzok\/","url":"https:\/\/skyplanner.ai\/hu\/jellemzok\/","name":"SkyPlanner APS - Jellemz\u0151k","isPartOf":{"@id":"https:\/\/skyplanner.ai\/hu\/#website"},"primaryImageOfPage":{"@id":"https:\/\/skyplanner.ai\/hu\/jellemzok\/#primaryimage"},"image":{"@id":"https:\/\/skyplanner.ai\/hu\/jellemzok\/#primaryimage"},"thumbnailUrl":"https:\/\/skyplanner.ai\/wp-content\/uploads\/2022\/03\/Staright-old-production-planning.png","datePublished":"2022-04-21T17:29:20+00:00","dateModified":"2024-07-08T09:48:08+00:00","description":"A SkyPlanner AI-alap\u00fa APS m\u00e1sodpercek alatt racionaliz\u00e1lja a gy\u00e1rt\u00e1stervez\u00e9st. Tapasztalja meg a k\u00f6nnyebb \u00fctemez\u00e9st \u00e9s n\u00f6velje a hat\u00e9konys\u00e1got m\u00e9g ma.","breadcrumb":{"@id":"https:\/\/skyplanner.ai\/hu\/jellemzok\/#breadcrumb"},"inLanguage":"hu-HU","potentialAction":[{"@type":"ReadAction","target":["https:\/\/skyplanner.ai\/hu\/jellemzok\/"]}]},{"@type":"ImageObject","inLanguage":"hu-HU","@id":"https:\/\/skyplanner.ai\/hu\/jellemzok\/#primaryimage","url":"https:\/\/skyplanner.ai\/wp-content\/uploads\/2022\/03\/Staright-old-production-planning.png","contentUrl":"https:\/\/skyplanner.ai\/wp-content\/uploads\/2022\/03\/Staright-old-production-planning.png","width":956,"height":653},{"@type":"BreadcrumbList","@id":"https:\/\/skyplanner.ai\/hu\/jellemzok\/#breadcrumb","itemListElement":[{"@type":"ListItem","position":1,"name":"Home","item":"https:\/\/skyplanner.ai\/hu\/kezdolap-2\/"},{"@type":"ListItem","position":2,"name":"Jellemz\u0151k"}]},{"@type":"WebSite","@id":"https:\/\/skyplanner.ai\/hu\/#website","url":"https:\/\/skyplanner.ai\/hu\/","name":"SkyPlanner","description":"AI-powered production scheduling and planning software","publisher":{"@id":"https:\/\/skyplanner.ai\/hu\/#organization"},"potentialAction":[{"@type":"SearchAction","target":{"@type":"EntryPoint","urlTemplate":"https:\/\/skyplanner.ai\/hu\/?s={search_term_string}"},"query-input":{"@type":"PropertyValueSpecification","valueRequired":true,"valueName":"search_term_string"}}],"inLanguage":"hu-HU"},{"@type":"Organization","@id":"https:\/\/skyplanner.ai\/hu\/#organization","name":"SkyPlanner APS","url":"https:\/\/skyplanner.ai\/hu\/","logo":{"@type":"ImageObject","inLanguage":"hu-HU","@id":"https:\/\/skyplanner.ai\/hu\/#\/schema\/logo\/image\/","url":"https:\/\/skyplanner.ai\/wp-content\/uploads\/2022\/05\/Skyplanner-logo-2.svg","contentUrl":"https:\/\/skyplanner.ai\/wp-content\/uploads\/2022\/05\/Skyplanner-logo-2.svg","width":223,"height":43,"caption":"SkyPlanner APS"},"image":{"@id":"https:\/\/skyplanner.ai\/hu\/#\/schema\/logo\/image\/"},"sameAs":["https:\/\/www.linkedin.com\/company\/skyplanner-aps\/","https:\/\/www.youtube.com\/@SkyPlannerAPS","https:\/\/www.capterra.com\/p\/265911\/SkyPlanner-APS\/","https:\/\/www.trustradius.com\/products\/skyplanner-aps\/reviews","https:\/\/www.saasworthy.com\/product\/skyplanner-aps","https:\/\/sourceforge.net\/software\/product\/SkyPlanner-APS\/","https:\/\/www.g2.com\/products\/skyplanner-aps\/","https:\/\/www.getapp.com\/project-management-planning-software\/a\/skyplanner-aps\/","https:\/\/www.softwareadvice.com\/cmms\/skyplanner-aps-profile\/"],"description":"AI-powered production scheduling and planning software for manufacturing","foundingDate":"1997","legalName":"Skycode Oy","alternateName":"SkyPlanner","knowsAbout":["Production Scheduling","Advanced Planning and Scheduling","Manufacturing AI","Finite Capacity Scheduling","ERP Integration"],"areaServed":"Worldwide","contactPoint":{"@type":"ContactPoint","contactType":"sales","url":"https:\/\/skyplanner.ai\/trial\/"}}]}},"uagb_featured_image_src":{"full":["https:\/\/skyplanner.ai\/wp-content\/uploads\/2022\/03\/Staright-old-production-planning.png",956,653,false],"thumbnail":["https:\/\/skyplanner.ai\/wp-content\/uploads\/2022\/03\/Staright-old-production-planning-150x150.png",150,150,true],"medium":["https:\/\/skyplanner.ai\/wp-content\/uploads\/2022\/03\/Staright-old-production-planning-300x205.png",300,205,true],"medium_large":["https:\/\/skyplanner.ai\/wp-content\/uploads\/2022\/03\/Staright-old-production-planning-768x525.png",768,525,true],"large":["https:\/\/skyplanner.ai\/wp-content\/uploads\/2022\/03\/Staright-old-production-planning.png",956,653,false],"1536x1536":["https:\/\/skyplanner.ai\/wp-content\/uploads\/2022\/03\/Staright-old-production-planning.png",956,653,false],"2048x2048":["https:\/\/skyplanner.ai\/wp-content\/uploads\/2022\/03\/Staright-old-production-planning.png",956,653,false],"betterdocs-category-thumb":["https:\/\/skyplanner.ai\/wp-content\/uploads\/2022\/03\/Staright-old-production-planning.png",360,246,false]},"uagb_author_info":{"display_name":"skyplanner","author_link":"https:\/\/skyplanner.ai\/hu\/author\/skyplanner\/"},"uagb_comment_info":0,"uagb_excerpt":"Jellemz\u0151k \u00dctemezze termel\u00e9si terv\u00e9t hat\u00e9konyan \u00e9s megb\u00edzhat\u00f3an, mind\u00f6ssze m\u00e1sodpercek alatt. A SkyPlanner be\u00e9p\u00edtett mesters\u00e9ges intelligenci\u00e1ja \u00fctemezi a termel\u00e9st, \u00e9s megk\u00f6nny\u00edti a termel\u00e9s tervez\u00e9s\u00e9t.Haszn\u00e1lja a SkyPlannert \u00f6n\u00e1ll\u00f3an, import\u00e1ljon adatokat, vagy integr\u00e1lja az ERP-rendszer\u00e9vel.","_links":{"self":[{"href":"https:\/\/skyplanner.ai\/hu\/wp-json\/wp\/v2\/pages\/5943","targetHints":{"allow":["GET"]}}],"collection":[{"href":"https:\/\/skyplanner.ai\/hu\/wp-json\/wp\/v2\/pages"}],"about":[{"href":"https:\/\/skyplanner.ai\/hu\/wp-json\/wp\/v2\/types\/page"}],"author":[{"embeddable":true,"href":"https:\/\/skyplanner.ai\/hu\/wp-json\/wp\/v2\/users\/1"}],"replies":[{"embeddable":true,"href":"https:\/\/skyplanner.ai\/hu\/wp-json\/wp\/v2\/comments?post=5943"}],"version-history":[{"count":0,"href":"https:\/\/skyplanner.ai\/hu\/wp-json\/wp\/v2\/pages\/5943\/revisions"}],"wp:featuredmedia":[{"embeddable":true,"href":"https:\/\/skyplanner.ai\/hu\/wp-json\/wp\/v2\/media\/5944"}],"wp:attachment":[{"href":"https:\/\/skyplanner.ai\/hu\/wp-json\/wp\/v2\/media?parent=5943"}],"curies":[{"name":"wp","href":"https:\/\/api.w.org\/{rel}","templated":true}]}}